{"id":551,"date":"2013-06-26T22:56:49","date_gmt":"2013-06-26T22:56:49","guid":{"rendered":"http:\/\/localhost\/wordpress-3-5\/?page_id=551"},"modified":"2026-04-15T17:49:58","modified_gmt":"2026-04-15T17:49:58","slug":"home-extended","status":"publish","type":"page","link":"http:\/\/cpsantonio.pt\/front\/","title":{"rendered":"Home"},"content":{"rendered":"[vc_row type=&#8221;full_width_background&#8221; full_screen_row_position=&#8221;middle&#8221; scene_position=&#8221;center&#8221; layer_one_image=&#8221;2518&#8243; layer_four_image=&#8221;2655&#8243; text_color=&#8221;light&#8221; text_align=&#8221;center&#8221; top_padding=&#8221;0&#8243; bottom_padding=&#8221;0&#8243; id=&#8221;home&#8221; overlay_strength=&#8221;0.3&#8243;][vc_column column_padding=&#8221;no-extra-padding&#8221; column_padding_position=&#8221;all&#8221; background_color_opacity=&#8221;1&#8243; background_hover_color_opacity=&#8221;1&#8243; column_shadow=&#8221;none&#8221; width=&#8221;1\/1&#8243; tablet_text_alignment=&#8221;default&#8221; phone_text_alignment=&#8221;default&#8221; column_border_width=&#8221;none&#8221; column_border_style=&#8221;solid&#8221;]<div style=\"height: 650px\" data-midnight=\"nectar-slider\" class=\"parallax_slider_outer \"><div style=\"height: 650px\"  data-transition=\"slide\" data-overall_style=\"classic\" data-flexible-height=\"true\" data-animate-in-effect=\"none\" data-fullscreen=\"true\" data-button-sizing=\"regular\" data-button-styling=\"btn_with_preview\" data-autorotate=\"\" data-parallax=\"true\" data-full-width=\"true\" class=\"nectar-slider-wrap \" id=\"ns-id-69f38ea217d9f\">\r\n\t\t\t<div style=\"height: 650px\" class=\"swiper-container\"  data-tho=\"auto\" data-tco=\"auto\" data-pho=\"auto\" data-pco=\"auto\" data-loop=\"false\" data-height=\"650\" data-min-height=\"\" data-arrows=\"true\" data-bullets=\"false\" data-bullet_style=\"see_through\" data-desktop-swipe=\"false\" data-settings=\"\">\r\n\t\t\t\t    <div class=\"swiper-wrapper\"><div class=\"swiper-slide\" data-bg-alignment=\"center\" data-color-scheme=\"light\" data-x-pos=\"left\" data-y-pos=\"middle\"> \r\n\t\t\t\t\t\t\t\t<div class=\"image-bg\" style=\"background-image: url(http:\/\/cpsantonio.pt\/front\/wp-content\/uploads\/2023\/01\/Prancheta-2-copiar-1.jpg);\"> &nbsp; <\/div><a href=\"#\" class=\"slider-down-arrow no-border\"><svg class=\"nectar-scroll-icon\" viewBox=\"0 0 30 45\" enable-background=\"new 0 0 30 45\">\r\n\t\t\t\t\t                \t\t\t<path class=\"nectar-scroll-icon-path\" fill=\"none\" stroke=\"#ffffff\" stroke-width=\"2\" stroke-miterlimit=\"10\" d=\"M15,1.118c12.352,0,13.967,12.88,13.967,12.88v18.76  c0,0-1.514,11.204-13.967,11.204S0.931,32.966,0.931,32.966V14.05C0.931,14.05,2.648,1.118,15,1.118z\"><\/path>\r\n\t\t\t\t\t            \t\t\t  <\/svg><\/a><div class=\"video-texture active_texture\"> <span class=\"ie-fix\"><\/span> <\/div><\/div><!--\/swiper-slide--><\/div><div class=\"nectar-slider-loading \"> <span class=\"loading-icon none\">   <\/span> <\/div> <\/div> \r\n\t\t\t\t\r\n\t\t\t<\/div><\/div>[\/vc_column][\/vc_row][vc_row type=&#8221;full_width_background&#8221; full_screen_row_position=&#8221;middle&#8221; bg_color=&#8221;#e5e5e5&#8243; scene_position=&#8221;center&#8221; text_color=&#8221;dark&#8221; text_align=&#8221;left&#8221; top_padding=&#8221;16%&#8221; bottom_padding=&#8221;16%&#8221; id=&#8221;intro&#8221; overlay_strength=&#8221;0.3&#8243; exclude_row_header_color_inherit=&#8221;true&#8221;][vc_column enable_animation=&#8221;true&#8221; animation=&#8221;fade-in-from-left&#8221; column_padding=&#8221;padding-13-percent&#8221; column_padding_position=&#8221;right&#8221; background_color_opacity=&#8221;1&#8243; background_hover_color_opacity=&#8221;1&#8243; column_shadow=&#8221;none&#8221; width=&#8221;2\/3&#8243; tablet_text_alignment=&#8221;default&#8221; phone_text_alignment=&#8221;default&#8221; column_border_width=&#8221;none&#8221; column_border_style=&#8221;solid&#8221;][vc_column_text]\n<div class=\"overlay\" style=\"text-align: left;\">\n<blockquote>\n<h5><span style=\"color: #8f6cd9;\">Casa do Povo de Santo Ant\u00f3nio<\/span><\/h5>\n<\/blockquote>\n<\/div>\n<blockquote>\n<div class=\"overlay\" style=\"text-align: left;\">\n<h2><span style=\"color: #8f6cd9;\">Quem somos<\/span><\/h2>\n<\/div>\n<h4 class=\"overlay\" style=\"text-align: left;\">Somos uma Institui\u00e7\u00e3o Particular de Solidariedade Social (IPSS) que serve a freguesia de Santo Ant\u00f3nio, no concelho de Ponta Delgada, desde a sua funda\u00e7\u00e3o, em 1973.<\/h4>\n<h4><\/h4>\n<h4 class=\"overlay\" style=\"text-align: left;\">Atrav\u00e9s das nossas val\u00eancias, levamos a cabo uma interven\u00e7\u00e3o de natureza social, em dom\u00ednios como a seguran\u00e7a social, a sa\u00fade e a educa\u00e7\u00e3o, alicer\u00e7ando esta interven\u00e7\u00e3o numa rela\u00e7\u00e3o de proximidade com a comunidade, em coopera\u00e7\u00e3o pr\u00f3xima com o Estado, dando resposta a situa\u00e7\u00f5es de emerg\u00eancia social, ou a situa\u00e7\u00f5es de pessoas em acrescida, ou particular, vulnerabilidade.<\/h4>\n<h4 class=\"overlay\" style=\"text-align: left;\">A Casa do Povo de Santo Ant\u00f3nio existe, para estar cada vez mais, consigo, sempre!<\/h4>\n<div class=\"overlay\" style=\"text-align: left;\">\n<p>&nbsp;<\/p>\n<a class=\"nectar-button large accent-color regular-button\"  href=\"#valencias\" data-color-override=\"false\" data-hover-color-override=\"false\" data-hover-text-color-override=\"#fff\"><span>Val\u00eancias<\/span><\/a>\n<p>&nbsp;<\/p>\n<\/div>\n<\/blockquote>\n[\/vc_column_text][\/vc_column][vc_column boxed=&#8221;true&#8221; column_padding=&#8221;no-extra-padding&#8221; column_padding_position=&#8221;all&#8221; background_color=&#8221;rgba(0,0,0,0.01)&#8221; background_color_opacity=&#8221;0.1&#8243; background_color_hover=&#8221;rgba(63,63,63,0.01)&#8221; background_hover_color_opacity=&#8221;0.1&#8243; column_shadow=&#8221;none&#8221; width=&#8221;1\/3&#8243; tablet_text_alignment=&#8221;default&#8221; phone_text_alignment=&#8221;default&#8221; column_border_width=&#8221;none&#8221; column_border_style=&#8221;solid&#8221;]<div class=\"img-with-aniamtion-wrap center\" data-max-width=\"100%\"><div class=\"inner\"><img data-shadow=\"none\" data-shadow-direction=\"middle\" class=\"img-with-animation \" data-delay=\"0\" height=\"3942\" width=\"3244\" data-animation=\"grow-in\" src=\"http:\/\/cpsantonio.pt\/front\/wp-content\/uploads\/2021\/06\/Png-1.png\" srcset=\"http:\/\/cpsantonio.pt\/front\/wp-content\/uploads\/2021\/06\/Png-1.png 3244w, http:\/\/cpsantonio.pt\/front\/wp-content\/uploads\/2021\/06\/Png-1-247x300.png 247w, http:\/\/cpsantonio.pt\/front\/wp-content\/uploads\/2021\/06\/Png-1-843x1024.png 843w, http:\/\/cpsantonio.pt\/front\/wp-content\/uploads\/2021\/06\/Png-1-768x933.png 768w, http:\/\/cpsantonio.pt\/front\/wp-content\/uploads\/2021\/06\/Png-1-1264x1536.png 1264w, http:\/\/cpsantonio.pt\/front\/wp-content\/uploads\/2021\/06\/Png-1-1685x2048.png 1685w\" sizes=\"100vw\" alt=\"\" \/><\/div><\/div>[\/vc_column][\/vc_row][vc_row type=&#8221;full_width_background&#8221; full_screen_row_position=&#8221;middle&#8221; bg_image=&#8221;3751&#8243; bg_position=&#8221;left top&#8221; bg_repeat=&#8221;no-repeat&#8221; parallax_bg=&#8221;true&#8221; parallax_bg_speed=&#8221;fixed&#8221; bg_color=&#8221;#8f6cd9&#8243; scene_position=&#8221;center&#8221; text_color=&#8221;light&#8221; text_align=&#8221;left&#8221; top_padding=&#8221;10%&#8221; bottom_padding=&#8221;10%&#8221; id=&#8221;valencias&#8221; overlay_strength=&#8221;0.3&#8243;][vc_column column_padding=&#8221;padding-3-percent&#8221; column_padding_position=&#8221;right&#8221; background_color_opacity=&#8221;1&#8243; background_hover_color_opacity=&#8221;1&#8243; column_shadow=&#8221;none&#8221; width=&#8221;1\/2&#8243; tablet_text_alignment=&#8221;default&#8221; phone_text_alignment=&#8221;default&#8221; column_border_width=&#8221;none&#8221; column_border_style=&#8221;solid&#8221;][nectar_animated_title heading_tag=&#8221;h2&#8243; style=&#8221;color-strip-reveal&#8221; color=&#8221;Accent-Color&#8221; text=&#8221;VAL\u00caNCIAS&#8221;][vc_row_inner column_margin=&#8221;default&#8221; text_align=&#8221;left&#8221; el_id=&#8221;valencias&#8221;][vc_column_inner column_padding=&#8221;padding-3-percent&#8221; column_padding_position=&#8221;left&#8221; background_color_opacity=&#8221;1&#8243; width=&#8221;1\/4&#8243; column_border_width=&#8221;none&#8221; column_border_style=&#8221;solid&#8221;]<div class=\"img-with-aniamtion-wrap center\" data-max-width=\"100%\"><div class=\"inner\"><img data-shadow=\"none\" data-shadow-direction=\"middle\" class=\"img-with-animation \" data-delay=\"0\" height=\"1159\" width=\"1162\" data-animation=\"fade-in\" src=\"http:\/\/cpsantonio.pt\/front\/wp-content\/uploads\/2021\/06\/icon2_Prancheta-1.png\" srcset=\"http:\/\/cpsantonio.pt\/front\/wp-content\/uploads\/2021\/06\/icon2_Prancheta-1.png 1162w, http:\/\/cpsantonio.pt\/front\/wp-content\/uploads\/2021\/06\/icon2_Prancheta-1-300x300.png 300w, http:\/\/cpsantonio.pt\/front\/wp-content\/uploads\/2021\/06\/icon2_Prancheta-1-1024x1021.png 1024w, http:\/\/cpsantonio.pt\/front\/wp-content\/uploads\/2021\/06\/icon2_Prancheta-1-150x150.png 150w, http:\/\/cpsantonio.pt\/front\/wp-content\/uploads\/2021\/06\/icon2_Prancheta-1-768x766.png 768w, http:\/\/cpsantonio.pt\/front\/wp-content\/uploads\/2021\/06\/icon2_Prancheta-1-100x100.png 100w, http:\/\/cpsantonio.pt\/front\/wp-content\/uploads\/2021\/06\/icon2_Prancheta-1-500x500.png 500w, http:\/\/cpsantonio.pt\/front\/wp-content\/uploads\/2021\/06\/icon2_Prancheta-1-350x350.png 350w\" sizes=\"100vw\" alt=\"\" \/><\/div><\/div>[\/vc_column_inner][vc_column_inner column_padding=&#8221;padding-3-percent&#8221; column_padding_position=&#8221;all&#8221; background_color_opacity=&#8221;1&#8243; width=&#8221;3\/4&#8243; column_border_width=&#8221;none&#8221; column_border_style=&#8221;solid&#8221;][vc_column_text]\n<h3>CATL Arco-\u00cdris<\/h3>\n<p>O CATL Arco-\u00cdris \u00e9 destinado a crian\u00e7as e jovens a partir do ingresso no sistema de ensino (escolaridade obrigat\u00f3ria), onde se promovem experi\u00eancias e viv\u00eancias que visam o desenvolvimento individual e social.[\/vc_column_text][\/vc_column_inner][\/vc_row_inner]<div class=\"divider-wrap\"><div style=\"height: 30px;\" class=\"divider\"><\/div><\/div>[vc_row_inner column_margin=&#8221;default&#8221; text_align=&#8221;left&#8221;][vc_column_inner column_padding=&#8221;padding-3-percent&#8221; column_padding_position=&#8221;left&#8221; background_color_opacity=&#8221;1&#8243; width=&#8221;1\/4&#8243; column_border_width=&#8221;none&#8221; column_border_style=&#8221;solid&#8221;]<div class=\"img-with-aniamtion-wrap center\" data-max-width=\"100%\"><div class=\"inner\"><img data-shadow=\"none\" data-shadow-direction=\"middle\" class=\"img-with-animation \" data-delay=\"0\" height=\"1149\" width=\"1151\" data-animation=\"fade-in\" src=\"http:\/\/cpsantonio.pt\/front\/wp-content\/uploads\/2021\/06\/icon2-05.png\" srcset=\"http:\/\/cpsantonio.pt\/front\/wp-content\/uploads\/2021\/06\/icon2-05.png 1151w, http:\/\/cpsantonio.pt\/front\/wp-content\/uploads\/2021\/06\/icon2-05-300x300.png 300w, http:\/\/cpsantonio.pt\/front\/wp-content\/uploads\/2021\/06\/icon2-05-1024x1022.png 1024w, http:\/\/cpsantonio.pt\/front\/wp-content\/uploads\/2021\/06\/icon2-05-150x150.png 150w, http:\/\/cpsantonio.pt\/front\/wp-content\/uploads\/2021\/06\/icon2-05-768x767.png 768w, http:\/\/cpsantonio.pt\/front\/wp-content\/uploads\/2021\/06\/icon2-05-100x100.png 100w, http:\/\/cpsantonio.pt\/front\/wp-content\/uploads\/2021\/06\/icon2-05-500x500.png 500w, http:\/\/cpsantonio.pt\/front\/wp-content\/uploads\/2021\/06\/icon2-05-350x350.png 350w\" sizes=\"100vw\" alt=\"\" \/><\/div><\/div>[\/vc_column_inner][vc_column_inner column_padding=&#8221;padding-3-percent&#8221; column_padding_position=&#8221;all&#8221; background_color_opacity=&#8221;1&#8243; width=&#8221;3\/4&#8243; column_border_width=&#8221;none&#8221; column_border_style=&#8221;solid&#8221;][vc_column_text]\n<h3>CATL Jardim da Imagina\u00e7\u00e3o<\/h3>\n<p>O CATL Jardim da Imagina\u00e7\u00e3o um espa\u00e7o para crian\u00e7as e jovens onde se promove a ocupa\u00e7\u00e3o de tempos livres num contexto de aprendizagem n\u00e3o formal, num ambiente l\u00fadico, de liberdade e com potencial pedag\u00f3gico.[\/vc_column_text][\/vc_column_inner][\/vc_row_inner]<div class=\"divider-wrap\"><div style=\"height: 25px;\" class=\"divider\"><\/div><\/div>[vc_row_inner column_margin=&#8221;default&#8221; text_align=&#8221;left&#8221;][vc_column_inner column_padding=&#8221;no-extra-padding&#8221; column_padding_position=&#8221;all&#8221; background_color_opacity=&#8221;1&#8243; width=&#8221;1\/4&#8243; column_border_width=&#8221;none&#8221; column_border_style=&#8221;solid&#8221;]<div class=\"img-with-aniamtion-wrap center\" data-max-width=\"100%\"><div class=\"inner\"><img data-shadow=\"none\" data-shadow-direction=\"middle\" class=\"img-with-animation \" data-delay=\"0\" height=\"1149\" width=\"1152\" data-animation=\"fade-in\" src=\"http:\/\/cpsantonio.pt\/front\/wp-content\/uploads\/2021\/06\/icon2-02.png\" srcset=\"http:\/\/cpsantonio.pt\/front\/wp-content\/uploads\/2021\/06\/icon2-02.png 1152w, http:\/\/cpsantonio.pt\/front\/wp-content\/uploads\/2021\/06\/icon2-02-300x300.png 300w, http:\/\/cpsantonio.pt\/front\/wp-content\/uploads\/2021\/06\/icon2-02-1024x1021.png 1024w, http:\/\/cpsantonio.pt\/front\/wp-content\/uploads\/2021\/06\/icon2-02-150x150.png 150w, http:\/\/cpsantonio.pt\/front\/wp-content\/uploads\/2021\/06\/icon2-02-768x766.png 768w, http:\/\/cpsantonio.pt\/front\/wp-content\/uploads\/2021\/06\/icon2-02-100x100.png 100w, http:\/\/cpsantonio.pt\/front\/wp-content\/uploads\/2021\/06\/icon2-02-500x500.png 500w, http:\/\/cpsantonio.pt\/front\/wp-content\/uploads\/2021\/06\/icon2-02-350x350.png 350w\" sizes=\"100vw\" alt=\"\" \/><\/div><\/div>[\/vc_column_inner][vc_column_inner column_padding=&#8221;padding-3-percent&#8221; column_padding_position=&#8221;left&#8221; background_color_opacity=&#8221;1&#8243; width=&#8221;3\/4&#8243; column_border_width=&#8221;none&#8221; column_border_style=&#8221;solid&#8221;][vc_column_text]\n<h3>Centro Comunit\u00e1rio Jovem<\/h3>\n<p>O Centro Comunit\u00e1rio Jovem \u00e9 um centro de ocupa\u00e7\u00e3o juvenil, destinado essencialmente a\u00a0 pr\u00e9-adolsecentes e adolescentes que frequentam o 2.\u00ba e 3.\u00ba ciclo do ensino b\u00e1sico.[\/vc_column_text][\/vc_column_inner][\/vc_row_inner][\/vc_column][vc_column column_padding=&#8221;padding-3-percent&#8221; column_padding_position=&#8221;all&#8221; background_color_opacity=&#8221;1&#8243; background_hover_color_opacity=&#8221;1&#8243; column_shadow=&#8221;none&#8221; width=&#8221;1\/2&#8243; tablet_text_alignment=&#8221;default&#8221; phone_text_alignment=&#8221;default&#8221; column_border_width=&#8221;none&#8221; column_border_style=&#8221;solid&#8221;]<div class=\"divider-wrap\"><div style=\"height: 25px;\" class=\"divider\"><\/div><\/div><div class=\"divider-wrap\"><div style=\"height: 25px;\" class=\"divider\"><\/div><\/div>[vc_row_inner column_margin=&#8221;default&#8221; text_align=&#8221;left&#8221;][vc_column_inner column_padding=&#8221;no-extra-padding&#8221; column_padding_position=&#8221;all&#8221; background_color_opacity=&#8221;1&#8243; width=&#8221;1\/4&#8243; column_border_width=&#8221;none&#8221; column_border_style=&#8221;solid&#8221;]<div class=\"img-with-aniamtion-wrap center\" data-max-width=\"100%\"><div class=\"inner\"><img data-shadow=\"none\" data-shadow-direction=\"middle\" class=\"img-with-animation \" data-delay=\"0\" height=\"1149\" width=\"1152\" data-animation=\"fade-in\" src=\"http:\/\/cpsantonio.pt\/front\/wp-content\/uploads\/2021\/06\/icon2-03.png\" srcset=\"http:\/\/cpsantonio.pt\/front\/wp-content\/uploads\/2021\/06\/icon2-03.png 1152w, http:\/\/cpsantonio.pt\/front\/wp-content\/uploads\/2021\/06\/icon2-03-300x300.png 300w, http:\/\/cpsantonio.pt\/front\/wp-content\/uploads\/2021\/06\/icon2-03-1024x1021.png 1024w, http:\/\/cpsantonio.pt\/front\/wp-content\/uploads\/2021\/06\/icon2-03-150x150.png 150w, http:\/\/cpsantonio.pt\/front\/wp-content\/uploads\/2021\/06\/icon2-03-768x766.png 768w, http:\/\/cpsantonio.pt\/front\/wp-content\/uploads\/2021\/06\/icon2-03-100x100.png 100w, http:\/\/cpsantonio.pt\/front\/wp-content\/uploads\/2021\/06\/icon2-03-500x500.png 500w, http:\/\/cpsantonio.pt\/front\/wp-content\/uploads\/2021\/06\/icon2-03-350x350.png 350w\" sizes=\"100vw\" alt=\"\" \/><\/div><\/div>[\/vc_column_inner][vc_column_inner column_padding=&#8221;padding-3-percent&#8221; column_padding_position=&#8221;left&#8221; background_color_opacity=&#8221;1&#8243; width=&#8221;3\/4&#8243; column_border_width=&#8221;none&#8221; column_border_style=&#8221;solid&#8221;][vc_column_text]\n<h3>CAAPS<\/h3>\n<p>O CAAPS visa apoiar as pessoas e as fam\u00edlias na preven\u00e7\u00e3o e\/ ou repara\u00e7\u00e3o de problemas geradores ou gerados por situa\u00e7\u00f5es de exclus\u00e3o social e, em certos casos, atuar em situa\u00e7\u00f5es de emerg\u00eancia.[\/vc_column_text][\/vc_column_inner][\/vc_row_inner]<div class=\"divider-wrap\"><div style=\"height: 25px;\" class=\"divider\"><\/div><\/div>[vc_row_inner column_margin=&#8221;default&#8221; text_align=&#8221;left&#8221;][vc_column_inner column_padding=&#8221;no-extra-padding&#8221; column_padding_position=&#8221;all&#8221; background_color_opacity=&#8221;1&#8243; width=&#8221;1\/4&#8243; column_border_width=&#8221;none&#8221; column_border_style=&#8221;solid&#8221;]<div class=\"img-with-aniamtion-wrap center\" data-max-width=\"100%\"><div class=\"inner\"><img data-shadow=\"none\" data-shadow-direction=\"middle\" class=\"img-with-animation \" data-delay=\"0\" height=\"1149\" width=\"1152\" data-animation=\"fade-in\" src=\"http:\/\/cpsantonio.pt\/front\/wp-content\/uploads\/2021\/06\/icon2-04.png\" srcset=\"http:\/\/cpsantonio.pt\/front\/wp-content\/uploads\/2021\/06\/icon2-04.png 1152w, http:\/\/cpsantonio.pt\/front\/wp-content\/uploads\/2021\/06\/icon2-04-300x300.png 300w, http:\/\/cpsantonio.pt\/front\/wp-content\/uploads\/2021\/06\/icon2-04-1024x1021.png 1024w, http:\/\/cpsantonio.pt\/front\/wp-content\/uploads\/2021\/06\/icon2-04-150x150.png 150w, http:\/\/cpsantonio.pt\/front\/wp-content\/uploads\/2021\/06\/icon2-04-768x766.png 768w, http:\/\/cpsantonio.pt\/front\/wp-content\/uploads\/2021\/06\/icon2-04-100x100.png 100w, http:\/\/cpsantonio.pt\/front\/wp-content\/uploads\/2021\/06\/icon2-04-500x500.png 500w, http:\/\/cpsantonio.pt\/front\/wp-content\/uploads\/2021\/06\/icon2-04-350x350.png 350w\" sizes=\"100vw\" alt=\"\" \/><\/div><\/div>[\/vc_column_inner][vc_column_inner column_padding=&#8221;padding-3-percent&#8221; column_padding_position=&#8221;left&#8221; background_color_opacity=&#8221;1&#8243; width=&#8221;3\/4&#8243; column_border_width=&#8221;none&#8221; column_border_style=&#8221;solid&#8221;][vc_column_text]\n<h3>Centro de conv\u00edvio Flor da Idade<\/h3>\n<p>O Centro de Conv\u00edvio Flor da Idade \u00e9 uma resposta social de apoio a atividades sociais, recreativas e culturais com participa\u00e7\u00e3o ativa das pessoas idosas.[\/vc_column_text][\/vc_column_inner][\/vc_row_inner]<div class=\"divider-wrap\"><div style=\"height: 25px;\" class=\"divider\"><\/div><\/div>[\/vc_column][\/vc_row][vc_row type=&#8221;full_width_background&#8221; full_screen_row_position=&#8221;middle&#8221; bg_image=&#8221;3651&#8243; bg_position=&#8221;left top&#8221; bg_repeat=&#8221;no-repeat&#8221; bg_color=&#8221;#8f6cd9&#8243; scene_position=&#8221;center&#8221; text_color=&#8221;dark&#8221; text_align=&#8221;left&#8221; overlay_strength=&#8221;0.3&#8243;][vc_column column_padding=&#8221;no-extra-padding&#8221; column_padding_position=&#8221;all&#8221; background_color_opacity=&#8221;1&#8243; background_hover_color_opacity=&#8221;1&#8243; column_shadow=&#8221;none&#8221; width=&#8221;1\/1&#8243; tablet_text_alignment=&#8221;default&#8221; phone_text_alignment=&#8221;default&#8221; column_border_width=&#8221;none&#8221; column_border_style=&#8221;solid&#8221;][vc_gallery type=&#8221;flickity_style&#8221; images=&#8221;3619,3757,3617,3618,3771,3620,3621,3612,3622,3624,3778,3777,3776,3625,3775,3768,3769,3772,3773,3774,3766,3765,3764,3761,3755,3756,3759,3760&#8243; flickity_controls=&#8221;pagination&#8221; flickity_desktop_columns=&#8221;1&#8243; flickity_small_desktop_columns=&#8221;1&#8243; flickity_tablet_columns=&#8221;1&#8243; flickity_autoplay=&#8221;true&#8221; flickity_box_shadow=&#8221;small_depth&#8221; onclick=&#8221;custom_link&#8221; custom_links_target=&#8221;_self&#8221; flickity_autoplay_dur=&#8221;4500&#8243; custom_links=&#8221;https:\/\/www.facebook.com\/CasadoPovoStAntonio\/photos&#8221;][\/vc_column][\/vc_row][vc_row type=&#8221;full_width_background&#8221; full_screen_row_position=&#8221;middle&#8221; equal_height=&#8221;yes&#8221; bg_image=&#8221;3571&#8243; bg_position=&#8221;left top&#8221; bg_repeat=&#8221;repeat&#8221; full_height=&#8221;yes&#8221; parallax_bg=&#8221;true&#8221; parallax_bg_speed=&#8221;slow&#8221; scene_position=&#8221;center&#8221; text_color=&#8221;light&#8221; text_align=&#8221;left&#8221; top_padding=&#8221;100&#8243; bottom_padding=&#8221;100&#8243; overlay_strength=&#8221;0.3&#8243;][vc_column centered_text=&#8221;true&#8221; column_padding=&#8221;no-extra-padding&#8221; column_padding_position=&#8221;all&#8221; background_color_opacity=&#8221;1&#8243; background_hover_color_opacity=&#8221;1&#8243; font_color=&#8221;#ffffff&#8221; column_shadow=&#8221;none&#8221; width=&#8221;1\/1&#8243; tablet_text_alignment=&#8221;default&#8221; phone_text_alignment=&#8221;default&#8221; column_border_width=&#8221;none&#8221; column_border_style=&#8221;solid&#8221; column_link=&#8221;#home&#8221;]<div class=\"divider-wrap\"><div style=\"height: 800px;\" class=\"divider\"><\/div><\/div>[\/vc_column][\/vc_row][vc_row type=&#8221;full_width_background&#8221; full_screen_row_position=&#8221;middle&#8221; bg_color=&#8221;#ffce00&#8243; scene_position=&#8221;center&#8221; text_color=&#8221;dark&#8221; text_align=&#8221;left&#8221; top_padding=&#8221;100&#8243; bottom_padding=&#8221;100&#8243; id=&#8221;novidades&#8221; overlay_strength=&#8221;0.3&#8243;][vc_column column_padding=&#8221;no-extra-padding&#8221; column_padding_position=&#8221;all&#8221; background_color_opacity=&#8221;1&#8243; background_hover_color_opacity=&#8221;1&#8243; column_shadow=&#8221;none&#8221; width=&#8221;1\/1&#8243; tablet_text_alignment=&#8221;default&#8221; phone_text_alignment=&#8221;default&#8221; column_border_width=&#8221;none&#8221; column_border_style=&#8221;solid&#8221;][nectar_animated_title heading_tag=&#8221;h2&#8243; style=&#8221;color-strip-reveal&#8221; color=&#8221;Accent-Color&#8221; text=&#8221;NOVIDADES&#8221;]\t\t\t\r\n\t\t\t<div class=\"row blog-recent columns-4\" data-style=\"classic_enhanced_alt\" data-color-scheme=\"light\">\r\n\t\t\t\t\r\n\t\t\t\t\r\n\t\t\t\t<div class=\"col span_3\">\r\n\t\t\t\t\t\r\n\t\t\t\t\t\r\n\t\t\t\t\t\t\t<div class=\"inner-wrap post-3929 post type-post status-publish format-standard hentry category-noticias-2\">\r\n\r\n\t\t\t\t\t\t\t\r\n\t\t\t\t\t\t\t<span class=\"meta-category\"><a class=\"noticias-2\" href=\"http:\/\/cpsantonio.pt\/front\/category\/noticias-2\/\">Not\u00edcias<\/a><\/span>\t\t\t\t\t\t\t\t\r\n\t\t\t\t\t\t\t<a class=\"entire-meta-link\" href=\"http:\/\/cpsantonio.pt\/front\/2025\/07\/14\/a-arde-apoia-casa-do-povo-de-santo-antonio\/\"><\/a>\r\n\r\n\t\t\t\t\t\t\t<div class=\"article-content-wrap\">\r\n\t\t\t\t\t\t\t\t<div class=\"post-header\">\r\n\t\t\t\t\t\t\t\t\t<span class=\"meta\"> July 14, 2025 <\/span> \r\n\t\t\t\t\t\t\t\t\t<h3 class=\"title\">A ARDE apoia Casa do Povo de Santo Ant\u00f3nio<\/h3>\t\r\n\t\t\t\t\t\t\t\t<\/div><!--\/post-header-->\r\n\t\t\t\t\t\t\t\t<div class=\"excerpt\">\r\n\t\t\t\t\t\t\t\t\t<p>A ARDE \u2013 Associa\u00e7\u00e3o Regional para o Desenvolvimento apoiou a Casa do Povo de Santo Ant\u00f3nio, mais concretamente as suas respostas sociais Catl \u201cJardim da Imagina\u00e7\u00e3o\u201d (Santo Ant\u00f3nio), Catl \u201cArco-\u00cdris&#8230;<\/p>\n\t\t\t\t\t\t\t\t<\/div>\r\n\t\t\t\t\t\t\t<\/div>\r\n\t\t\t\t\t\t\t\r\n\t\t\t\t\t\t\t<div class=\"post-meta\">\r\n\t\t\t\t\t\t\t\t<span class=\"meta-author\"> <a href=\"http:\/\/cpsantonio.pt\/front\/author\/sonia\/\"> <i class=\"icon-default-style icon-salient-m-user\"><\/i> Sonia<\/a> <\/span> \r\n\t\t\t\t\t\t\t\t\r\n\t\t\t\t\t\t\t\t\t\t\t\t\t\t\t\t\r\n\t\t\t\t\t\t\t\t<div class=\"nectar-love-wrap\">\r\n\t\t\t\t\t\t\t\t\t<a href=\"#\" class=\"nectar-love\" id=\"nectar-love-3929\" title=\"Love this\"> <div class=\"heart-wrap\"><i class=\"icon-salient-heart-2\"><\/i><\/div><span class=\"nectar-love-count\">1<\/span><\/a>\t\t\t\t\t\t\t\t<\/div><!--\/nectar-love-wrap-->\t\r\n\t\t\t\t\t\t\t<\/div>\r\n\r\n\t\t\t\t\t\t<\/div>\r\n\r\n\t\t\t\t\t\t\t\t\t\t\t\r\n\t\t\t\t<\/div><!--\/col-->\r\n\t\t\t\t\r\n\t\t\t\t\r\n\t\t\t\t<div class=\"col span_3\">\r\n\t\t\t\t\t\r\n\t\t\t\t\t\r\n\t\t\t\t\t\t\t<div class=\"inner-wrap post-3828 post type-post status-publish format-standard hentry category-uncategorized\">\r\n\r\n\t\t\t\t\t\t\t\r\n\t\t\t\t\t\t\t<span class=\"meta-category\"><a class=\"uncategorized\" href=\"http:\/\/cpsantonio.pt\/front\/category\/uncategorized\/\">Uncategorized<\/a><\/span>\t\t\t\t\t\t\t\t\r\n\t\t\t\t\t\t\t<a class=\"entire-meta-link\" href=\"http:\/\/cpsantonio.pt\/front\/2024\/01\/05\/arde-apoia-casa-do-povo-de-santo-antonio-2\/\"><\/a>\r\n\r\n\t\t\t\t\t\t\t<div class=\"article-content-wrap\">\r\n\t\t\t\t\t\t\t\t<div class=\"post-header\">\r\n\t\t\t\t\t\t\t\t\t<span class=\"meta\"> January 5, 2024 <\/span> \r\n\t\t\t\t\t\t\t\t\t<h3 class=\"title\">CPSA agradece apoio da ARDE<\/h3>\t\r\n\t\t\t\t\t\t\t\t<\/div><!--\/post-header-->\r\n\t\t\t\t\t\t\t\t<div class=\"excerpt\">\r\n\t\t\t\t\t\t\t\t\t<p>A ARDE \u2013 Associa\u00e7\u00e3o para o Desenvolvimento, apoiou a Casa do Povo de Santo Ant\u00f3nio e as suas respostas sociais Catl &#8220;Jardim da Imagina\u00e7\u00e3o&#8221; (Santo Ant\u00f3nio) e Catl &#8220;Arco-\u00cdris (Ajuda&#8230;<\/p>\n\t\t\t\t\t\t\t\t<\/div>\r\n\t\t\t\t\t\t\t<\/div>\r\n\t\t\t\t\t\t\t\r\n\t\t\t\t\t\t\t<div class=\"post-meta\">\r\n\t\t\t\t\t\t\t\t<span class=\"meta-author\"> <a href=\"http:\/\/cpsantonio.pt\/front\/author\/sonia\/\"> <i class=\"icon-default-style icon-salient-m-user\"><\/i> Sonia<\/a> <\/span> \r\n\t\t\t\t\t\t\t\t\r\n\t\t\t\t\t\t\t\t\t\t\t\t\t\t\t\t\r\n\t\t\t\t\t\t\t\t<div class=\"nectar-love-wrap\">\r\n\t\t\t\t\t\t\t\t\t<a href=\"#\" class=\"nectar-love\" id=\"nectar-love-3828\" title=\"Love this\"> <div class=\"heart-wrap\"><i class=\"icon-salient-heart-2\"><\/i><\/div><span class=\"nectar-love-count\">1<\/span><\/a>\t\t\t\t\t\t\t\t<\/div><!--\/nectar-love-wrap-->\t\r\n\t\t\t\t\t\t\t<\/div>\r\n\r\n\t\t\t\t\t\t<\/div>\r\n\r\n\t\t\t\t\t\t\t\t\t\t\t\r\n\t\t\t\t<\/div><!--\/col-->\r\n\t\t\t\t\r\n\t\t\t\t\r\n\t\t\t\t<div class=\"col span_3\">\r\n\t\t\t\t\t\r\n\t\t\t\t\t\r\n\t\t\t\t\t\t\t<div class=\"inner-wrap post-3817 post type-post status-publish format-standard hentry category-noticias-2\">\r\n\r\n\t\t\t\t\t\t\t\r\n\t\t\t\t\t\t\t<span class=\"meta-category\"><a class=\"noticias-2\" href=\"http:\/\/cpsantonio.pt\/front\/category\/noticias-2\/\">Not\u00edcias<\/a><\/span>\t\t\t\t\t\t\t\t\r\n\t\t\t\t\t\t\t<a class=\"entire-meta-link\" href=\"http:\/\/cpsantonio.pt\/front\/2023\/03\/28\/arde-apoia-casa-do-povo-de-santo-antonio\/\"><\/a>\r\n\r\n\t\t\t\t\t\t\t<div class=\"article-content-wrap\">\r\n\t\t\t\t\t\t\t\t<div class=\"post-header\">\r\n\t\t\t\t\t\t\t\t\t<span class=\"meta\"> March 28, 2023 <\/span> \r\n\t\t\t\t\t\t\t\t\t<h3 class=\"title\">Arde apoia Casa do Povo de Santo Ant\u00f3nio<\/h3>\t\r\n\t\t\t\t\t\t\t\t<\/div><!--\/post-header-->\r\n\t\t\t\t\t\t\t\t<div class=\"excerpt\">\r\n\t\t\t\t\t\t\t\t\t<p>A ARDE &#8211; Associa\u00e7\u00e3o para o Desenvolvimento, apoiou a Casa do Povo de Santo Ant\u00f3nio e a sua resposta social Centro Comunit\u00e1rio Jovem, atrav\u00e9s\u00a0 do Programa PRORURAL +,\u00a0 com a&#8230;<\/p>\n\t\t\t\t\t\t\t\t<\/div>\r\n\t\t\t\t\t\t\t<\/div>\r\n\t\t\t\t\t\t\t\r\n\t\t\t\t\t\t\t<div class=\"post-meta\">\r\n\t\t\t\t\t\t\t\t<span class=\"meta-author\"> <a href=\"http:\/\/cpsantonio.pt\/front\/author\/sonia\/\"> <i class=\"icon-default-style icon-salient-m-user\"><\/i> Sonia<\/a> <\/span> \r\n\t\t\t\t\t\t\t\t\r\n\t\t\t\t\t\t\t\t\t\t\t\t\t\t\t\t\r\n\t\t\t\t\t\t\t\t<div class=\"nectar-love-wrap\">\r\n\t\t\t\t\t\t\t\t\t<a href=\"#\" class=\"nectar-love\" id=\"nectar-love-3817\" title=\"Love this\"> <div class=\"heart-wrap\"><i class=\"icon-salient-heart-2\"><\/i><\/div><span class=\"nectar-love-count\">1<\/span><\/a>\t\t\t\t\t\t\t\t<\/div><!--\/nectar-love-wrap-->\t\r\n\t\t\t\t\t\t\t<\/div>\r\n\r\n\t\t\t\t\t\t<\/div>\r\n\r\n\t\t\t\t\t\t\t\t\t\t\t\r\n\t\t\t\t<\/div><!--\/col-->\r\n\t\t\t\t\r\n\t\t\t\t\r\n\t\t\t\t<div class=\"col span_3\">\r\n\t\t\t\t\t\r\n\t\t\t\t\t\r\n\t\t\t\t\t\t\t<div class=\"inner-wrap post-3793 post type-post status-publish format-standard hentry category-noticias-2\">\r\n\r\n\t\t\t\t\t\t\t\r\n\t\t\t\t\t\t\t<span class=\"meta-category\"><a class=\"noticias-2\" href=\"http:\/\/cpsantonio.pt\/front\/category\/noticias-2\/\">Not\u00edcias<\/a><\/span>\t\t\t\t\t\t\t\t\r\n\t\t\t\t\t\t\t<a class=\"entire-meta-link\" href=\"http:\/\/cpsantonio.pt\/front\/2022\/02\/25\/orgaos-eleitos-quadrienio-2022-2025\/\"><\/a>\r\n\r\n\t\t\t\t\t\t\t<div class=\"article-content-wrap\">\r\n\t\t\t\t\t\t\t\t<div class=\"post-header\">\r\n\t\t\t\t\t\t\t\t\t<span class=\"meta\"> February 25, 2022 <\/span> \r\n\t\t\t\t\t\t\t\t\t<h3 class=\"title\">\u00d3RG\u00c3OS ELEITOS QUADRI\u00c9NIO 2022-2025<\/h3>\t\r\n\t\t\t\t\t\t\t\t<\/div><!--\/post-header-->\r\n\t\t\t\t\t\t\t\t<div class=\"excerpt\">\r\n\t\t\t\t\t\t\t\t\t<p>\u00d3rg\u00e3os eleitos 2022-2025<\/p>\n\t\t\t\t\t\t\t\t<\/div>\r\n\t\t\t\t\t\t\t<\/div>\r\n\t\t\t\t\t\t\t\r\n\t\t\t\t\t\t\t<div class=\"post-meta\">\r\n\t\t\t\t\t\t\t\t<span class=\"meta-author\"> <a href=\"http:\/\/cpsantonio.pt\/front\/author\/sonia\/\"> <i class=\"icon-default-style icon-salient-m-user\"><\/i> Sonia<\/a> <\/span> \r\n\t\t\t\t\t\t\t\t\r\n\t\t\t\t\t\t\t\t\t\t\t\t\t\t\t\t\r\n\t\t\t\t\t\t\t\t<div class=\"nectar-love-wrap\">\r\n\t\t\t\t\t\t\t\t\t<a href=\"#\" class=\"nectar-love\" id=\"nectar-love-3793\" title=\"Love this\"> <div class=\"heart-wrap\"><i class=\"icon-salient-heart-2\"><\/i><\/div><span class=\"nectar-love-count\">1<\/span><\/a>\t\t\t\t\t\t\t\t<\/div><!--\/nectar-love-wrap-->\t\r\n\t\t\t\t\t\t\t<\/div>\r\n\r\n\t\t\t\t\t\t<\/div>\r\n\r\n\t\t\t\t\t\t\t\t\t\t\t\r\n\t\t\t\t<\/div><!--\/col-->\r\n\t\t\t\t\r\n\t\t\t\t\t\t\r\n\t\t\t<\/div><!--\/blog-recent-->\r\n\t\t\r\n\t\t[\/vc_column][\/vc_row][vc_row type=&#8221;full_width_content&#8221; full_screen_row_position=&#8221;middle&#8221; vertically_center_columns=&#8221;true&#8221; scene_position=&#8221;center&#8221; text_color=&#8221;dark&#8221; text_align=&#8221;left&#8221; id=&#8221;freguesia&#8221; overlay_strength=&#8221;0.3&#8243;][vc_column column_padding=&#8221;padding-3-percent&#8221; column_padding_position=&#8221;all&#8221; background_color_opacity=&#8221;1&#8243; background_hover_color_opacity=&#8221;1&#8243; column_shadow=&#8221;none&#8221; width=&#8221;1\/2&#8243; tablet_text_alignment=&#8221;default&#8221; phone_text_alignment=&#8221;default&#8221; column_border_width=&#8221;none&#8221; column_border_style=&#8221;solid&#8221;][vc_column_text]\n<h3 class=\"tiny\">UMA FOR\u00c7A VIVA DA FREGUESIA DE SANTO ANT\u00d3NIO<\/h3>\n<div class=\"divider-small-border\" style=\"margin-top: 25px; margin-bottom: 25px;\"><\/div>\n<h2>Casa do Povo de Santo Ant\u00f3nio<\/h2>\n<p>A Casa do Povo\u00a0 tem colocado ao longo de toda a sua hist\u00f3ria v\u00e1rios servi\u00e7os ao dispor da freguesia de Santo Ant\u00f3nio, em Ponta Delgada, Regi\u00e3o Aut\u00f3noma dos A\u00e7ores, bem como de quem a visita.[\/vc_column_text][\/vc_column][vc_column column_padding=&#8221;no-extra-padding&#8221; column_padding_position=&#8221;all&#8221; background_color=&#8221;#020202&#8243; background_color_opacity=&#8221;1&#8243; background_hover_color_opacity=&#8221;1&#8243; column_shadow=&#8221;none&#8221; width=&#8221;1\/2&#8243; tablet_text_alignment=&#8221;default&#8221; phone_text_alignment=&#8221;default&#8221; column_border_width=&#8221;none&#8221; column_border_style=&#8221;solid&#8221;][vc_column_text]\n<p><iframe loading=\"lazy\" title=\"Fonte de vida - Video promocional da freguesia de Santo Ant\u00f3nio, Ponta Delgada, S\u00e3o Miguel - A\u00e7ores\" width=\"1080\" height=\"608\" src=\"https:\/\/www.youtube.com\/embed\/j26ilaW3BpY?start=2&#038;feature=oembed\" frameborder=\"0\" allow=\"accelerometer; autoplay; clipboard-write; encrypted-media; gyroscope; picture-in-picture; web-share\" referrerpolicy=\"strict-origin-when-cross-origin\" allowfullscreen><\/iframe><\/p>\n[\/vc_column_text][\/vc_column][\/vc_row][vc_row type=&#8221;full_width_content&#8221; full_screen_row_position=&#8221;middle&#8221; vertically_center_columns=&#8221;true&#8221; scene_position=&#8221;center&#8221; text_color=&#8221;light&#8221; text_align=&#8221;left&#8221; overlay_strength=&#8221;0.3&#8243;][vc_column column_padding=&#8221;padding-4-percent&#8221; column_padding_position=&#8221;all&#8221; background_color=&#8221;#8f6cd9&#8243; background_color_opacity=&#8221;1&#8243; background_hover_color_opacity=&#8221;1&#8243; column_shadow=&#8221;none&#8221; width=&#8221;1\/1&#8243; tablet_text_alignment=&#8221;default&#8221; phone_text_alignment=&#8221;default&#8221; column_border_width=&#8221;none&#8221; column_border_style=&#8221;solid&#8221;]<div class=\"nectar-milestone \"  data-ms-align=\"default\" > <div class=\"number default\" data-number-size=\"62\"><span>10<\/span><\/div> <div class=\"subject\" >funcion\u00e1rios<\/div> <\/div><div class=\"nectar-milestone \"  data-ms-align=\"default\" > <div class=\"number default\" data-number-size=\"62\"><span>251<\/span><\/div> <div class=\"subject\" >pessoas apoiadas<\/div> <\/div><div class=\"nectar-social  hide-share-count full-width items_4\"><a class='facebook-share nectar-sharing' href='#' title='Share this'> <i class='fa fa-facebook'><\/i> <span class='count'><\/span><\/a><a class='twitter-share nectar-sharing' href='#' title='Tweet this'> <i class='fa fa-twitter'><\/i> <span class='count'><\/span><\/a><a class='google-plus-share nectar-sharing-alt' href='#' title='Share this'> <i class='fa fa-google-plus'><\/i> <span class='count'><\/span><\/a><a class='pinterest-share nectar-sharing' href='#' title='Pin this'> <i class='fa fa-pinterest'><\/i> <span class='count'><\/span><\/a><\/div>[\/vc_column][\/vc_row][vc_row type=&#8221;full_width_background&#8221; full_screen_row_position=&#8221;middle&#8221; bg_color=&#8221;#ffffff&#8221; scene_position=&#8221;center&#8221; text_color=&#8221;dark&#8221; text_align=&#8221;left&#8221; top_padding=&#8221;100&#8243; bottom_padding=&#8221;100&#8243; overlay_strength=&#8221;0.3&#8243; exclude_row_header_color_inherit=&#8221;true&#8221;][vc_column enable_animation=&#8221;true&#8221; animation=&#8221;fade-in&#8221; column_padding=&#8221;no-extra-padding&#8221; column_padding_position=&#8221;all&#8221; background_color_opacity=&#8221;1&#8243; background_hover_color_opacity=&#8221;1&#8243; column_shadow=&#8221;none&#8221; width=&#8221;1\/1&#8243; tablet_text_alignment=&#8221;default&#8221; phone_text_alignment=&#8221;default&#8221; column_border_width=&#8221;none&#8221; column_border_style=&#8221;solid&#8221; delay=&#8221;0&#8243;][nectar_animated_title heading_tag=&#8221;h2&#8243; style=&#8221;hinge-drop&#8221; color=&#8221;Extra-Color-3&#8243; text=&#8221;DOCUMENTOS&#8221;][\/vc_column][\/vc_row][vc_row type=&#8221;full_width_background&#8221; full_screen_row_position=&#8221;middle&#8221; bg_color=&#8221;#ffffff&#8221; scene_position=&#8221;center&#8221; text_color=&#8221;dark&#8221; text_align=&#8221;left&#8221; top_padding=&#8221;100&#8243; bottom_padding=&#8221;100&#8243; id=&#8221;documentos&#8221; overlay_strength=&#8221;0.3&#8243; exclude_row_header_color_inherit=&#8221;true&#8221;][vc_column enable_animation=&#8221;true&#8221; animation=&#8221;fade-in&#8221; column_padding=&#8221;no-extra-padding&#8221; column_padding_position=&#8221;all&#8221; background_color_opacity=&#8221;1&#8243; background_hover_color_opacity=&#8221;1&#8243; column_shadow=&#8221;none&#8221; width=&#8221;1\/1&#8243; tablet_text_alignment=&#8221;default&#8221; phone_text_alignment=&#8221;default&#8221; column_border_width=&#8221;none&#8221; column_border_style=&#8221;solid&#8221; delay=&#8221;0&#8243;]<div class=\"iwithtext\"><div class=\"iwt-icon\"> <i class=\"icon-default-style icon-paper-clip extra-color-1\"><\/i> <\/div><div class=\"iwt-text\"> \n<h4>Estatutos\/Documentos<\/h4>\n<p>Consulte os estatutos e documentos da Casa do Povo de Santo Ant\u00f3nio<\/p>\n<a class=\"nectar-button medium accent-color regular-button\" target=\"_blank\" href=\"http:\/\/cpsantonio.pt\/front\/wp-content\/uploads\/2019\/04\/Estatutos-da-institui\u00e7\u00e3o.pdf\" data-color-override=\"false\" data-hover-color-override=\"false\" data-hover-text-color-override=\"#fff\"><span>Estatutos<\/span><\/a>\n<p>&nbsp;<\/p>\n<h6>Documentos<\/h6>\n<a class=\"nectar-button medium accent-color regular-button\" target=\"_blank\" href=\"http:\/\/cpsantonio.pt\/front\/wp-content\/uploads\/2022\/02\/Convocatoria-Eleicoes-27-dez-21.pdf\" data-color-override=\"false\" data-hover-color-override=\"false\" data-hover-text-color-override=\"#fff\"><span>Convocat\u00f3ria 2021<\/span><\/a>\n<a class=\"nectar-button medium accent-color regular-button\" target=\"_blank\" href=\"http:\/\/cpsantonio.pt\/front\/wp-content\/uploads\/2019\/04\/Convocat\u00f3ria.pdf\" data-color-override=\"false\" data-hover-color-override=\"false\" data-hover-text-color-override=\"#fff\"><span>Convocat\u00f3ria 2019<\/span><\/a>\n<a class=\"nectar-button medium accent-color regular-button\" target=\"_blank\" href=\"http:\/\/cpsantonio.pt\/front\/wp-content\/uploads\/2013\/06\/Convocat\u00f3ria.pdf\" data-color-override=\"false\" data-hover-color-override=\"false\" data-hover-text-color-override=\"#fff\"><span>Convocat\u00f3ria 2017<\/span><\/a> <\/div><div class=\"clear\"><\/div><\/div>\t\t\t\r\n\t\t\t<div class=\"row blog-recent columns-1\" data-style=\"default\" data-color-scheme=\"light\">\r\n\t\t\t\t\r\n\t\t\t\t\r\n\t\t\t\t<div class=\"col span_12\">\r\n\t\t\t\t\t\r\n\t\t\t\t\t\r\n\t\t\t\t\t\t\t<div class=\"post-header\">\r\n\t\t\t\t\t\t\t\t<h3 class=\"title\"><a href=\"http:\/\/cpsantonio.pt\/front\/2025\/07\/14\/a-arde-apoia-casa-do-povo-de-santo-antonio\/\">A ARDE apoia Casa do Povo de Santo Ant\u00f3nio<\/a><\/h3>\t\r\n\t\t\t\t\t\t\t\t<span class=\"meta-author\"><a href=\"http:\/\/cpsantonio.pt\/front\/author\/sonia\/\" title=\"Posts by Sonia\" rel=\"author\">Sonia<\/a> <\/span> <span class=\"meta-category\"> | <a href=\"http:\/\/cpsantonio.pt\/front\/category\/noticias-2\/\">Not\u00edcias<\/a> <\/span> <span class=\"meta-comment-count\"> | <a href=\"http:\/\/cpsantonio.pt\/front\/2025\/07\/14\/a-arde-apoia-casa-do-povo-de-santo-antonio\/#respond\">\r\n\t\t\t\t\t\t\t\tNo Comments<\/a> <\/span>\r\n\t\t\t\t\t\t\t<\/div><!--\/post-header-->\r\n\t\t\t\t\t\t\t\r\n\t\t\t\t\t\t\t<p>A ARDE \u2013 Associa\u00e7\u00e3o Regional para o Desenvolvimento apoiou a Casa do Povo de Santo Ant\u00f3nio, mais concretamente as suas respostas sociais Catl \u201cJardim da Imagina\u00e7\u00e3o\u201d (Santo Ant\u00f3nio), Catl \u201cArco-\u00cdris&#8230;<\/p>\n\t\t\t\t\t\r\n\t\t\t\t<\/div><!--\/col-->\r\n\t\t\t\t\r\n\t\t\t\t\r\n\t\t\t\t<div class=\"col span_12\">\r\n\t\t\t\t\t\r\n\t\t\t\t\t\r\n\t\t\t\t\t\t\t<div class=\"post-header\">\r\n\t\t\t\t\t\t\t\t<h3 class=\"title\"><a href=\"http:\/\/cpsantonio.pt\/front\/2024\/01\/05\/arde-apoia-casa-do-povo-de-santo-antonio-2\/\">CPSA agradece apoio da ARDE<\/a><\/h3>\t\r\n\t\t\t\t\t\t\t\t<span class=\"meta-author\"><a href=\"http:\/\/cpsantonio.pt\/front\/author\/sonia\/\" title=\"Posts by Sonia\" rel=\"author\">Sonia<\/a> <\/span> <span class=\"meta-category\"> | <a href=\"http:\/\/cpsantonio.pt\/front\/category\/uncategorized\/\">Uncategorized<\/a> <\/span> <span class=\"meta-comment-count\"> | <a href=\"http:\/\/cpsantonio.pt\/front\/2024\/01\/05\/arde-apoia-casa-do-povo-de-santo-antonio-2\/#respond\">\r\n\t\t\t\t\t\t\t\tNo Comments<\/a> <\/span>\r\n\t\t\t\t\t\t\t<\/div><!--\/post-header-->\r\n\t\t\t\t\t\t\t\r\n\t\t\t\t\t\t\t<p>A ARDE \u2013 Associa\u00e7\u00e3o para o Desenvolvimento, apoiou a Casa do Povo de Santo Ant\u00f3nio e as suas respostas sociais Catl &#8220;Jardim da Imagina\u00e7\u00e3o&#8221; (Santo Ant\u00f3nio) e Catl &#8220;Arco-\u00cdris (Ajuda&#8230;<\/p>\n\t\t\t\t\t\r\n\t\t\t\t<\/div><!--\/col-->\r\n\t\t\t\t\r\n\t\t\t\t\r\n\t\t\t\t<div class=\"col span_12\">\r\n\t\t\t\t\t\r\n\t\t\t\t\t\r\n\t\t\t\t\t\t\t<div class=\"post-header\">\r\n\t\t\t\t\t\t\t\t<h3 class=\"title\"><a href=\"http:\/\/cpsantonio.pt\/front\/2023\/03\/28\/arde-apoia-casa-do-povo-de-santo-antonio\/\">Arde apoia Casa do Povo de Santo Ant\u00f3nio<\/a><\/h3>\t\r\n\t\t\t\t\t\t\t\t<span class=\"meta-author\"><a href=\"http:\/\/cpsantonio.pt\/front\/author\/sonia\/\" title=\"Posts by Sonia\" rel=\"author\">Sonia<\/a> <\/span> <span class=\"meta-category\"> | <a href=\"http:\/\/cpsantonio.pt\/front\/category\/noticias-2\/\">Not\u00edcias<\/a> <\/span> <span class=\"meta-comment-count\"> | <a href=\"http:\/\/cpsantonio.pt\/front\/2023\/03\/28\/arde-apoia-casa-do-povo-de-santo-antonio\/#respond\">\r\n\t\t\t\t\t\t\t\tNo Comments<\/a> <\/span>\r\n\t\t\t\t\t\t\t<\/div><!--\/post-header-->\r\n\t\t\t\t\t\t\t\r\n\t\t\t\t\t\t\t<p>A ARDE &#8211; Associa\u00e7\u00e3o para o Desenvolvimento, apoiou a Casa do Povo de Santo Ant\u00f3nio e a sua resposta social Centro Comunit\u00e1rio Jovem, atrav\u00e9s\u00a0 do Programa PRORURAL +,\u00a0 com a&#8230;<\/p>\n\t\t\t\t\t\r\n\t\t\t\t<\/div><!--\/col-->\r\n\t\t\t\t\r\n\t\t\t\t\r\n\t\t\t\t<div class=\"col span_12\">\r\n\t\t\t\t\t\r\n\t\t\t\t\t\r\n\t\t\t\t\t\t\t<div class=\"post-header\">\r\n\t\t\t\t\t\t\t\t<h3 class=\"title\"><a href=\"http:\/\/cpsantonio.pt\/front\/2022\/02\/25\/orgaos-eleitos-quadrienio-2022-2025\/\">\u00d3RG\u00c3OS ELEITOS QUADRI\u00c9NIO 2022-2025<\/a><\/h3>\t\r\n\t\t\t\t\t\t\t\t<span class=\"meta-author\"><a href=\"http:\/\/cpsantonio.pt\/front\/author\/sonia\/\" title=\"Posts by Sonia\" rel=\"author\">Sonia<\/a> <\/span> <span class=\"meta-category\"> | <a href=\"http:\/\/cpsantonio.pt\/front\/category\/noticias-2\/\">Not\u00edcias<\/a> <\/span> <span class=\"meta-comment-count\"> | <a href=\"http:\/\/cpsantonio.pt\/front\/2022\/02\/25\/orgaos-eleitos-quadrienio-2022-2025\/#respond\">\r\n\t\t\t\t\t\t\t\tNo Comments<\/a> <\/span>\r\n\t\t\t\t\t\t\t<\/div><!--\/post-header-->\r\n\t\t\t\t\t\t\t\r\n\t\t\t\t\t\t\t<p>\u00d3rg\u00e3os eleitos 2022-2025<\/p>\n\t\t\t\t\t\r\n\t\t\t\t<\/div><!--\/col-->\r\n\t\t\t\t\r\n\t\t\t\t\t\t\r\n\t\t\t<\/div><!--\/blog-recent-->\r\n\t\t\r\n\t\t<div class=\"iwithtext\"><div class=\"iwt-icon\"> <i class=\"icon-default-style icon-paste extra-color-1\"><\/i> <\/div><div class=\"iwt-text\"> \n<h4>Relat\u00f3rio e Contas<\/h4>\n<p>Consulte o relat\u00f3rio e contas<\/p>\n<p><a href=\"http:\/\/cpsantonio.pt\/front\/wp-content\/uploads\/2025\/04\/RC-CPSA-2016.pdf\">2016<\/a><\/p>\n<p><a href=\"http:\/\/cpsantonio.pt\/front\/wp-content\/uploads\/2025\/04\/Relatorio-e-Contas-2017-1.pdf\">2017<\/a><\/p>\n<p><a href=\"http:\/\/cpsantonio.pt\/front\/wp-content\/uploads\/2025\/04\/Relatorio-2018-Parecer-CF-Ata-Envio-ao-ISSA-1.pdf\">2018<\/a><\/p>\n<p><a href=\"http:\/\/cpsantonio.pt\/front\/wp-content\/uploads\/2025\/04\/Rel-Contas-2019-1.pdf\">2019<\/a><\/p>\n<p><a href=\"http:\/\/cpsantonio.pt\/front\/wp-content\/uploads\/2025\/04\/RC-2020-1.pdf\">2020<\/a><\/p>\n<p><a href=\"http:\/\/cpsantonio.pt\/front\/wp-content\/uploads\/2025\/04\/Relatorio-Contas-2021-1.pdf\">2021<\/a><\/p>\n<p><a href=\"http:\/\/cpsantonio.pt\/front\/wp-content\/uploads\/2025\/04\/Relatorio-e-Contas-2022-1.pdf\">2022<\/a><\/p>\n<p><a href=\"http:\/\/cpsantonio.pt\/front\/wp-content\/uploads\/2025\/04\/Relatorio-e-Contas-2023.pdf\">2023<\/a><\/p>\n<p><a href=\"http:\/\/cpsantonio.pt\/front\/wp-content\/uploads\/2025\/04\/Relatorio-Contas-2024-2.pdf\">2024<\/a><\/p>\n<p><a href=\"http:\/\/cpsantonio.pt\/front\/wp-content\/uploads\/2026\/03\/2025.pdf\">2025<\/a> <\/div><div class=\"clear\"><\/div><\/div><div class=\"iwithtext\"><div class=\"iwt-icon\"> <i class=\"icon-default-style icon-pencil extra-color-1\"><\/i> <\/div><div class=\"iwt-text\"> \n<h4>Manual de normas gr\u00e1ficas<\/h4>\n<p>Casa do Povo de Santo Ant\u00f3nio<\/p>\n<a class=\"nectar-button medium accent-color regular-button\" target=\"_blank\" href=\"http:\/\/cpsantonio.pt\/front\/wp-content\/uploads\/2021\/06\/Manual-de-Normas-Graficas-Casa-do-Povo-de-St.-Antonio-Reduzido.pdf\" data-color-override=\"false\" data-hover-color-override=\"false\" data-hover-text-color-override=\"#fff\"><span>Manual de Normas Gr\u00e1ficas<\/span><\/a> <\/div><div class=\"clear\"><\/div><\/div><div class=\"iwithtext\"><div class=\"iwt-icon\"> <i class=\"icon-default-style steadysets-icon-users extra-color-1\"><\/i> <\/div><div class=\"iwt-text\"> \n<h4>Lista de \u00d3rg\u00e3os Sociais<\/h4>\n<p>Saiba quem est\u00e1 \u00e0 frente dos destinos da Casa do Povo de Santo Ant\u00f3nio<\/p>\n<h4><a href=\"http:\/\/cpsantonio.pt\/front\/wp-content\/uploads\/2026\/04\/Orgaos-Socias-quadrienio-2026-2029.pdf\">Lista Org\u00e3os Sociais quadri\u00e9nio 2026-2029<\/a><\/h4>\n<p>&nbsp;<\/p>\n<a class=\"nectar-button medium accent-color regular-button\" target=\"_blank\" href=\"http:\/\/cpsantonio.pt\/front\/wp-content\/uploads\/2022\/02\/Orgaos-eleitos-2022-2025.pdf\" data-color-override=\"false\" data-hover-color-override=\"false\" data-hover-text-color-override=\"#fff\"><span>\u00d3rg\u00e3os Sociais<\/span><\/a>\n<a class=\"nectar-button medium accent-color regular-button\" target=\"_blank\" href=\"http:\/\/cpsantonio.pt\/front\/wp-content\/uploads\/2021\/06\/Mensagem-da-Presidente.pdf \" data-color-override=\"false\" data-hover-color-override=\"false\" data-hover-text-color-override=\"#fff\"><span>Mensagem da Presidente<\/span><\/a> <\/div><div class=\"clear\"><\/div><\/div>[\/vc_column][\/vc_row][vc_row type=&#8221;full_width_background&#8221; full_screen_row_position=&#8221;middle&#8221; bg_color=&#8221;#43b5b2&#8243; scene_position=&#8221;center&#8221; text_color=&#8221;dark&#8221; text_align=&#8221;left&#8221; top_padding=&#8221;100&#8243; bottom_padding=&#8221;0&#8243; id=&#8221;contatos&#8221; overlay_strength=&#8221;0.3&#8243;][vc_column column_padding=&#8221;no-extra-padding&#8221; column_padding_position=&#8221;all&#8221; background_color_opacity=&#8221;1&#8243; background_hover_color_opacity=&#8221;1&#8243; font_color=&#8221;#ffffff&#8221; bottom_margin=&#8221;50&#8243; column_shadow=&#8221;none&#8221; width=&#8221;1\/2&#8243; tablet_text_alignment=&#8221;default&#8221; phone_text_alignment=&#8221;default&#8221; column_border_width=&#8221;none&#8221; column_border_style=&#8221;solid&#8221;][nectar_animated_title heading_tag=&#8221;h2&#8243; style=&#8221;color-strip-reveal&#8221; color=&#8221;Accent-Color&#8221; text=&#8221;CONTACTOS&#8221;]<div role=\"form\" class=\"wpcf7\" id=\"wpcf7-f5-o1\" lang=\"pt-PT\" dir=\"ltr\">\n<div class=\"screen-reader-response\"><\/div>\n<form action=\"\/front\/wp-json\/wp\/v2\/pages\/551#wpcf7-f5-o1\" method=\"post\" class=\"wpcf7-form\" novalidate=\"novalidate\">\n<div style=\"display: none;\">\n<input type=\"hidden\" name=\"_wpcf7\" value=\"5\" \/>\n<input type=\"hidden\" name=\"_wpcf7_version\" value=\"5.1.3\" \/>\n<input type=\"hidden\" name=\"_wpcf7_locale\" value=\"pt_PT\" \/>\n<input type=\"hidden\" name=\"_wpcf7_unit_tag\" value=\"wpcf7-f5-o1\" \/>\n<input type=\"hidden\" name=\"_wpcf7_container_post\" value=\"0\" \/>\n<\/div>\n<p><label> Nome (required)<br \/>\n    <span class=\"wpcf7-form-control-wrap your-name\"><input type=\"text\" name=\"your-name\" value=\"\" size=\"40\" class=\"wpcf7-form-control wpcf7-text wpcf7-validates-as-required\" aria-required=\"true\" aria-invalid=\"false\" \/><\/span> <\/label><\/p>\n<p><label> Email (required)<br \/>\n    <span class=\"wpcf7-form-control-wrap your-email\"><input type=\"email\" name=\"your-email\" value=\"\" size=\"40\" class=\"wpcf7-form-control wpcf7-text wpcf7-email wpcf7-validates-as-required wpcf7-validates-as-email\" aria-required=\"true\" aria-invalid=\"false\" \/><\/span> <\/label><\/p>\n<p><label> Assunto<br \/>\n    <span class=\"wpcf7-form-control-wrap your-subject\"><input type=\"text\" name=\"your-subject\" value=\"\" size=\"40\" class=\"wpcf7-form-control wpcf7-text\" aria-invalid=\"false\" \/><\/span> <\/label><\/p>\n<p><label> Mensagem<br \/>\n    <span class=\"wpcf7-form-control-wrap your-message\"><textarea name=\"your-message\" cols=\"40\" rows=\"10\" class=\"wpcf7-form-control wpcf7-textarea\" aria-invalid=\"false\"><\/textarea><\/span> <\/label><\/p>\n<p><input type=\"submit\" value=\"ENVIAR\" class=\"wpcf7-form-control wpcf7-submit\" \/><\/p>\n<div class=\"wpcf7-response-output wpcf7-display-none\"><\/div><\/form><\/div>[\/vc_column][vc_column column_padding=&#8221;padding-10-percent&#8221; column_padding_position=&#8221;left&#8221; background_color_opacity=&#8221;1&#8243; background_hover_color_opacity=&#8221;1&#8243; column_shadow=&#8221;none&#8221; width=&#8221;1\/2&#8243; tablet_text_alignment=&#8221;default&#8221; phone_text_alignment=&#8221;default&#8221; column_border_width=&#8221;none&#8221; column_border_style=&#8221;solid&#8221;]<div class=\"iwithtext\"><div class=\"iwt-icon\"> <i class=\"icon-default-style icon-envelope-alt accent-color\"><\/i> <\/div><div class=\"iwt-text\"> <span style=\"color: #ffffff;\">casapovo.santoantonio@gmail.com<\/span> <\/div><div class=\"clear\"><\/div><\/div><div class=\"iwithtext\"><div class=\"iwt-icon\"> <i class=\"icon-default-style icon-phone accent-color\"><\/i> <\/div><div class=\"iwt-text\"> <span style=\"color: #ffffff;\">(+351) 296 298 210<\/span> <\/div><div class=\"clear\"><\/div><\/div>[\/vc_column][\/vc_row][vc_row type=&#8221;full_width_background&#8221; full_screen_row_position=&#8221;middle&#8221; bg_image=&#8221;3383&#8243; bg_position=&#8221;left top&#8221; bg_repeat=&#8221;repeat&#8221; parallax_bg=&#8221;true&#8221; parallax_bg_speed=&#8221;medium&#8221; scene_position=&#8221;center&#8221; text_color=&#8221;dark&#8221; text_align=&#8221;center&#8221; top_padding=&#8221;80&#8243; bottom_padding=&#8221;80&#8243; overlay_strength=&#8221;0.3&#8243;][vc_column column_padding=&#8221;no-extra-padding&#8221; column_padding_position=&#8221;all&#8221; background_color_opacity=&#8221;1&#8243; background_hover_color_opacity=&#8221;1&#8243; column_shadow=&#8221;none&#8221; width=&#8221;1\/1&#8243; tablet_text_alignment=&#8221;default&#8221; phone_text_alignment=&#8221;default&#8221; column_border_width=&#8221;none&#8221; column_border_style=&#8221;solid&#8221;][nectar_image_with_hotspots image=&#8221;3541&#8243; preview=&#8221;http:\/\/cpsantonio.pt\/front\/wp-content\/uploads\/2021\/06\/Variacoes-cromaticasf_Prancheta-1-copia-12.png&#8221; color_1=&#8221;Accent-Color&#8221; hotspot_icon=&#8221;plus_sign&#8221; tooltip=&#8221;hover&#8221; tooltip_shadow=&#8221;none&#8221;][\/nectar_image_with_hotspots][vc_column_text]\n<p style=\"text-align: center;\"><span style=\"color: #ffffff;\">(c) 2017 &#8211; Casa do Povo de Santo Ant\u00f3nio &#8211; Todos os Direitos Reservados. Desenvolvido: Ilh\u00e9u da Baleia<\/span><\/p>\n<p style=\"text-align: center;\"><span style=\"color: #ffffff;\">Design by Robson Lima Design<\/span><\/p>\n[\/vc_column_text][\/vc_column][\/vc_row]\n","protected":false},"excerpt":{"rendered":"<p>[vc_row type=&#8221;full_width_background&#8221; full_screen_row_position=&#8221;middle&#8221; scene_position=&#8221;center&#8221; layer_one_image=&#8221;2518&#8243; layer_four_image=&#8221;2655&#8243; text_color=&#8221;light&#8221; text_align=&#8221;center&#8221; top_padding=&#8221;0&#8243; bottom_padding=&#8221;0&#8243; id=&#8221;home&#8221; overlay_strength=&#8221;0.3&#8243;][vc_column column_padding=&#8221;no-extra-padding&#8221; column_padding_position=&#8221;all&#8221; background_color_opacity=&#8221;1&#8243; background_hover_color_opacity=&#8221;1&#8243; column_shadow=&#8221;none&#8221; width=&#8221;1\/1&#8243; tablet_text_alignment=&#8221;default&#8221; phone_text_alignment=&#8221;default&#8221; column_border_width=&#8221;none&#8221; column_border_style=&#8221;solid&#8221;][\/vc_column][\/vc_row][vc_row type=&#8221;full_width_background&#8221; full_screen_row_position=&#8221;middle&#8221; bg_color=&#8221;#e5e5e5&#8243; scene_position=&#8221;center&#8221; text_color=&#8221;dark&#8221; text_align=&#8221;left&#8221; top_padding=&#8221;16%&#8221; bottom_padding=&#8221;16%&#8221;&#8230;<\/p>\n","protected":false},"author":1,"featured_media":0,"parent":0,"menu_order":36,"comment_status":"open","ping_status":"open","template":"","meta":[],"_links":{"self":[{"href":"http:\/\/cpsantonio.pt\/front\/wp-json\/wp\/v2\/pages\/551"}],"collection":[{"href":"http:\/\/cpsantonio.pt\/front\/wp-json\/wp\/v2\/pages"}],"about":[{"href":"http:\/\/cpsantonio.pt\/front\/wp-json\/wp\/v2\/types\/page"}],"author":[{"embeddable":true,"href":"http:\/\/cpsantonio.pt\/front\/wp-json\/wp\/v2\/users\/1"}],"replies":[{"embeddable":true,"href":"http:\/\/cpsantonio.pt\/front\/wp-json\/wp\/v2\/comments?post=551"}],"version-history":[{"count":261,"href":"http:\/\/cpsantonio.pt\/front\/wp-json\/wp\/v2\/pages\/551\/revisions"}],"predecessor-version":[{"id":4002,"href":"http:\/\/cpsantonio.pt\/front\/wp-json\/wp\/v2\/pages\/551\/revisions\/4002"}],"wp:attachment":[{"href":"http:\/\/cpsantonio.pt\/front\/wp-json\/wp\/v2\/media?parent=551"}],"curies":[{"name":"wp","href":"https:\/\/api.w.org\/{rel}","templated":true}]}}